{"id":3608,"date":"2023-07-11T10:38:53","date_gmt":"2023-07-11T10:38:53","guid":{"rendered":"http:\/\/plaspla.es\/?post_type=property&#038;p=3608"},"modified":"2026-03-30T16:51:23","modified_gmt":"2026-03-30T16:51:23","slug":"atico-con-terraza-y-mucho-sol","status":"publish","type":"property","link":"http:\/\/plaspla.es\/ca\/property\/atico-con-terraza-y-mucho-sol\/","title":{"rendered":"\u00c1tico con terraza y mucho sol"},"content":{"rendered":"<div class=\"_178zopn\">\n<div class=\"_178zopn\">\n<div class=\"_178zopn\">\n<div>\n<div class=\"_178zopn\">\n<div><span class=\"ll4r2nl dir dir-ltr\">\u00c1tico con terraza y muchas horas de Sol.<br \/>\nF\u00e1cil acceso desde el aeropuerto, tren y Bus.<br \/>\nTres lineas de metro, bus tur\u00edstico y varias lineas de bus metropolitano.<br \/>\nTe va a encantar mi lugar.<br \/>\nEn el coraz\u00f3n del Barrio de Sants, puede disfrutar de calles peatonales con edificaciones centenarias, visitar zonas verdes donde descansar y degustar gastronom\u00eda t\u00edpica del pa\u00eds en frescas terrazas.<br \/>\nWIFI Gratuito<\/span><\/div>\n<\/div>\n<div class=\"_178zopn\">\n<div>\n<div class=\"_pgfqnw\">\n<h4 style=\"text-align: left;\"><a href=\"https:\/\/www.airbnb.es\/rooms\/15767930\"><img decoding=\"async\" loading=\"lazy\" class=\"alignnone wp-image-3906\" src=\"http:\/\/plaspla.es\/wp-content\/uploads\/2023\/07\/Boton-disponibilidad-300x143.png\" alt=\"\" width=\"150\" height=\"72\" srcset=\"http:\/\/plaspla.es\/wp-content\/uploads\/2023\/07\/Boton-disponibilidad-300x143.png 300w, http:\/\/plaspla.es\/wp-content\/uploads\/2023\/07\/Boton-disponibilidad-1024x489.png 1024w, http:\/\/plaspla.es\/wp-content\/uploads\/2023\/07\/Boton-disponibilidad-768x367.png 768w, http:\/\/plaspla.es\/wp-content\/uploads\/2023\/07\/Boton-disponibilidad-1536x733.png 1536w, http:\/\/plaspla.es\/wp-content\/uploads\/2023\/07\/Boton-disponibilidad-2048x978.png 2048w, http:\/\/plaspla.es\/wp-content\/uploads\/2023\/07\/Boton-disponibilidad-18x9.png 18w, http:\/\/plaspla.es\/wp-content\/uploads\/2023\/07\/Boton-disponibilidad-600x286.png 600w\" sizes=\"(max-width: 150px) 100vw, 150px\" \/><\/a><\/h4>\n<h4 class=\"hpipapi dir dir-ltr\" tabindex=\"-1\">Otros aspectos destacables<\/h4>\n<\/div>\n<p><span class=\"ll4r2nl dir dir-ltr\">Nuestro apartamento cumple con todos los requisitos legales que se exige en Barcelona.<br \/>\nDispone de licencia tur\u00edstica seguro y de tel\u00e9fono de contacto 24h para incidencias de cualquier tipo.<br \/>\nPor todo ello se le pedir\u00e1 informaci\u00f3n personal (nombre, pasaporte y domicilio habitual) antes de su llegada con el fin de acreditarse y preparar los contratos pertinentes.<\/span><\/p>\n<\/div>\n<\/div>\n<div class=\"_178zopn\">\n<div>\n<div class=\"_pgfqnw\">\n<h4 class=\"hpipapi dir dir-ltr\" tabindex=\"-1\">N\u00famero de licencia<\/h4>\n<\/div>\n<p><span class=\"ll4r2nl dir dir-ltr\">HUTB-007797<\/span><\/p>\n<\/div>\n<\/div>\n<\/div>\n<\/div>\n<\/div>\n<\/div>\n<div class=\"_ud8a1c\">\n<div class=\"_50mnu4\">\n<div class=\"_9ns6hl\">\n<div class=\"_50mnu4\">\n<div class=\"_9ns6hl\">\n<div class=\"_50mnu4\">\n<div class=\"_9ns6hl\">\n<div class=\"_50mnu4\">\n<div class=\"_9ns6hl\">\n<div class=\"_50mnu4\">\n<div class=\"_9ns6hl\"><\/div>\n<\/div>\n<div class=\"_50mnu4\">\n<div class=\"_9ns6hl\">\n<h3 class=\"hpipapi dir dir-ltr\" tabindex=\"-1\"><\/h3>\n<\/div>\n<div tabindex=\"-1\"><\/div>\n<\/div>\n<\/div>\n<\/div>\n<\/div>\n<\/div>\n<\/div>\n<\/div>\n<\/div>\n<\/div>\n<\/div>\n","protected":false},"featured_media":3616,"comment_status":"closed","ping_status":"closed","template":"","property_type":[98],"property_location":[],"property_status":[],"property_label":[140],"property_amenity":[172,177,222,196,181,171,224,215,189,187,203,212,185,199,174,214,213,122,227,129,220,139,232,186,218,219,175,178,179,209,207,200,176,191,188,210,183,180,216,204,168,192],"property_material":[],"yoast_head":"<!-- This site is optimized with the Yoast SEO plugin v21.3 - https:\/\/yoast.com\/wordpress\/plugins\/seo\/ -->\n<title>\u00c1tico con terraza y mucho sol - PlasPla Vilesca Immobili\u00e0ria<\/title>\n<meta name=\"robots\" content=\"index, follow, max-snippet:-1, max-image-preview:large, max-video-preview:-1\" \/>\n<link rel=\"canonical\" href=\"http:\/\/plaspla.es\/ca\/property\/atico-con-terraza-y-mucho-sol\/\" \/>\n<meta property=\"og:locale\" content=\"ca_ES\" \/>\n<meta property=\"og:type\" content=\"article\" \/>\n<meta property=\"og:title\" content=\"\u00c1tico con terraza y mucho sol - PlasPla Vilesca Immobili\u00e0ria\" \/>\n<meta property=\"og:description\" content=\"\u00c1tico con terraza y muchas horas de Sol. F\u00e1cil acceso desde el aeropuerto, tren y Bus. Tres lineas de metro, bus tur\u00edstico y varias lineas de bus metropolitano. Te va a encantar mi lugar. En el coraz\u00f3n del Barrio de Sants, puede disfrutar de calles peatonales con edificaciones centenarias, visitar zonas verdes donde descansar y [&hellip;]\" \/>\n<meta property=\"og:url\" content=\"http:\/\/plaspla.es\/ca\/property\/atico-con-terraza-y-mucho-sol\/\" \/>\n<meta property=\"og:site_name\" content=\"PlasPla Vilesca Immobili\u00e0ria\" \/>\n<meta property=\"article:modified_time\" content=\"2026-03-30T16:51:23+00:00\" \/>\n<meta property=\"og:image\" content=\"http:\/\/plaspla.es\/wp-content\/uploads\/2023\/07\/10466f05-e768-4b0e-b198-a4a3edf2d78b-2.jpg\" \/>\n\t<meta property=\"og:image:width\" content=\"720\" \/>\n\t<meta property=\"og:image:height\" content=\"479\" \/>\n\t<meta property=\"og:image:type\" content=\"image\/jpeg\" \/>\n<meta name=\"twitter:card\" content=\"summary_large_image\" \/>\n<meta name=\"twitter:label1\" content=\"Temps estimat de lectura\" \/>\n\t<meta name=\"twitter:data1\" content=\"1 minut\" \/>\n<script type=\"application\/ld+json\" class=\"yoast-schema-graph\">{\"@context\":\"https:\/\/schema.org\",\"@graph\":[{\"@type\":\"WebPage\",\"@id\":\"http:\/\/plaspla.es\/property\/atico-con-terraza-y-mucho-sol\/\",\"url\":\"http:\/\/plaspla.es\/property\/atico-con-terraza-y-mucho-sol\/\",\"name\":\"\u00c1tico con terraza y mucho sol - PlasPla Vilesca Immobili\u00e0ria\",\"isPartOf\":{\"@id\":\"http:\/\/plaspla.es\/#website\"},\"datePublished\":\"2023-07-11T10:38:53+00:00\",\"dateModified\":\"2026-03-30T16:51:23+00:00\",\"breadcrumb\":{\"@id\":\"http:\/\/plaspla.es\/property\/atico-con-terraza-y-mucho-sol\/#breadcrumb\"},\"inLanguage\":\"ca\",\"potentialAction\":[{\"@type\":\"ReadAction\",\"target\":[\"http:\/\/plaspla.es\/property\/atico-con-terraza-y-mucho-sol\/\"]}]},{\"@type\":\"BreadcrumbList\",\"@id\":\"http:\/\/plaspla.es\/property\/atico-con-terraza-y-mucho-sol\/#breadcrumb\",\"itemListElement\":[{\"@type\":\"ListItem\",\"position\":1,\"name\":\"Portada\",\"item\":\"http:\/\/plaspla.es\/\"},{\"@type\":\"ListItem\",\"position\":2,\"name\":\"Properties\",\"item\":\"http:\/\/plaspla.es\/property\/\"},{\"@type\":\"ListItem\",\"position\":3,\"name\":\"\u00c1tico con terraza y mucho sol\"}]},{\"@type\":\"WebSite\",\"@id\":\"http:\/\/plaspla.es\/#website\",\"url\":\"http:\/\/plaspla.es\/\",\"name\":\"PlasPla Vilesca Immobili\u00e0ria\",\"description\":\"Immobili\u00e0ria\",\"publisher\":{\"@id\":\"http:\/\/plaspla.es\/#organization\"},\"potentialAction\":[{\"@type\":\"SearchAction\",\"target\":{\"@type\":\"EntryPoint\",\"urlTemplate\":\"http:\/\/plaspla.es\/?s={search_term_string}\"},\"query-input\":\"required name=search_term_string\"}],\"inLanguage\":\"ca\"},{\"@type\":\"Organization\",\"@id\":\"http:\/\/plaspla.es\/#organization\",\"name\":\"PlasPla Vilesca Immobili\u00e0ria\",\"url\":\"http:\/\/plaspla.es\/\",\"logo\":{\"@type\":\"ImageObject\",\"inLanguage\":\"ca\",\"@id\":\"http:\/\/plaspla.es\/#\/schema\/logo\/image\/\",\"url\":\"http:\/\/plaspla.es\/wp-content\/uploads\/2023\/05\/plaspla-logo-2.png\",\"contentUrl\":\"http:\/\/plaspla.es\/wp-content\/uploads\/2023\/05\/plaspla-logo-2.png\",\"width\":693,\"height\":252,\"caption\":\"PlasPla Vilesca Immobili\u00e0ria\"},\"image\":{\"@id\":\"http:\/\/plaspla.es\/#\/schema\/logo\/image\/\"}}]}<\/script>\n<!-- \/ Yoast SEO plugin. -->","yoast_head_json":{"title":"\u00c1tico con terraza y mucho sol - PlasPla Vilesca Immobili\u00e0ria","robots":{"index":"index","follow":"follow","max-snippet":"max-snippet:-1","max-image-preview":"max-image-preview:large","max-video-preview":"max-video-preview:-1"},"canonical":"http:\/\/plaspla.es\/ca\/property\/atico-con-terraza-y-mucho-sol\/","og_locale":"ca_ES","og_type":"article","og_title":"\u00c1tico con terraza y mucho sol - PlasPla Vilesca Immobili\u00e0ria","og_description":"\u00c1tico con terraza y muchas horas de Sol. F\u00e1cil acceso desde el aeropuerto, tren y Bus. Tres lineas de metro, bus tur\u00edstico y varias lineas de bus metropolitano. Te va a encantar mi lugar. En el coraz\u00f3n del Barrio de Sants, puede disfrutar de calles peatonales con edificaciones centenarias, visitar zonas verdes donde descansar y [&hellip;]","og_url":"http:\/\/plaspla.es\/ca\/property\/atico-con-terraza-y-mucho-sol\/","og_site_name":"PlasPla Vilesca Immobili\u00e0ria","article_modified_time":"2026-03-30T16:51:23+00:00","og_image":[{"width":720,"height":479,"url":"http:\/\/plaspla.es\/wp-content\/uploads\/2023\/07\/10466f05-e768-4b0e-b198-a4a3edf2d78b-2.jpg","type":"image\/jpeg"}],"twitter_card":"summary_large_image","twitter_misc":{"Temps estimat de lectura":"1 minut"},"schema":{"@context":"https:\/\/schema.org","@graph":[{"@type":"WebPage","@id":"http:\/\/plaspla.es\/property\/atico-con-terraza-y-mucho-sol\/","url":"http:\/\/plaspla.es\/property\/atico-con-terraza-y-mucho-sol\/","name":"\u00c1tico con terraza y mucho sol - PlasPla Vilesca Immobili\u00e0ria","isPartOf":{"@id":"http:\/\/plaspla.es\/#website"},"datePublished":"2023-07-11T10:38:53+00:00","dateModified":"2026-03-30T16:51:23+00:00","breadcrumb":{"@id":"http:\/\/plaspla.es\/property\/atico-con-terraza-y-mucho-sol\/#breadcrumb"},"inLanguage":"ca","potentialAction":[{"@type":"ReadAction","target":["http:\/\/plaspla.es\/property\/atico-con-terraza-y-mucho-sol\/"]}]},{"@type":"BreadcrumbList","@id":"http:\/\/plaspla.es\/property\/atico-con-terraza-y-mucho-sol\/#breadcrumb","itemListElement":[{"@type":"ListItem","position":1,"name":"Portada","item":"http:\/\/plaspla.es\/"},{"@type":"ListItem","position":2,"name":"Properties","item":"http:\/\/plaspla.es\/property\/"},{"@type":"ListItem","position":3,"name":"\u00c1tico con terraza y mucho sol"}]},{"@type":"WebSite","@id":"http:\/\/plaspla.es\/#website","url":"http:\/\/plaspla.es\/","name":"PlasPla Vilesca Immobili\u00e0ria","description":"Immobili\u00e0ria","publisher":{"@id":"http:\/\/plaspla.es\/#organization"},"potentialAction":[{"@type":"SearchAction","target":{"@type":"EntryPoint","urlTemplate":"http:\/\/plaspla.es\/?s={search_term_string}"},"query-input":"required name=search_term_string"}],"inLanguage":"ca"},{"@type":"Organization","@id":"http:\/\/plaspla.es\/#organization","name":"PlasPla Vilesca Immobili\u00e0ria","url":"http:\/\/plaspla.es\/","logo":{"@type":"ImageObject","inLanguage":"ca","@id":"http:\/\/plaspla.es\/#\/schema\/logo\/image\/","url":"http:\/\/plaspla.es\/wp-content\/uploads\/2023\/05\/plaspla-logo-2.png","contentUrl":"http:\/\/plaspla.es\/wp-content\/uploads\/2023\/05\/plaspla-logo-2.png","width":693,"height":252,"caption":"PlasPla Vilesca Immobili\u00e0ria"},"image":{"@id":"http:\/\/plaspla.es\/#\/schema\/logo\/image\/"}}]}},"_links":{"self":[{"href":"http:\/\/plaspla.es\/ca\/wp-json\/wp\/v2\/property\/3608"}],"collection":[{"href":"http:\/\/plaspla.es\/ca\/wp-json\/wp\/v2\/property"}],"about":[{"href":"http:\/\/plaspla.es\/ca\/wp-json\/wp\/v2\/types\/property"}],"replies":[{"embeddable":true,"href":"http:\/\/plaspla.es\/ca\/wp-json\/wp\/v2\/comments?post=3608"}],"wp:featuredmedia":[{"embeddable":true,"href":"http:\/\/plaspla.es\/ca\/wp-json\/wp\/v2\/media\/3616"}],"wp:attachment":[{"href":"http:\/\/plaspla.es\/ca\/wp-json\/wp\/v2\/media?parent=3608"}],"wp:term":[{"taxonomy":"property_type","embeddable":true,"href":"http:\/\/plaspla.es\/ca\/wp-json\/wp\/v2\/property_type?post=3608"},{"taxonomy":"property_location","embeddable":true,"href":"http:\/\/plaspla.es\/ca\/wp-json\/wp\/v2\/property_location?post=3608"},{"taxonomy":"property_status","embeddable":true,"href":"http:\/\/plaspla.es\/ca\/wp-json\/wp\/v2\/property_status?post=3608"},{"taxonomy":"property_label","embeddable":true,"href":"http:\/\/plaspla.es\/ca\/wp-json\/wp\/v2\/property_label?post=3608"},{"taxonomy":"property_amenity","embeddable":true,"href":"http:\/\/plaspla.es\/ca\/wp-json\/wp\/v2\/property_amenity?post=3608"},{"taxonomy":"property_material","embeddable":true,"href":"http:\/\/plaspla.es\/ca\/wp-json\/wp\/v2\/property_material?post=3608"}],"curies":[{"name":"wp","href":"https:\/\/api.w.org\/{rel}","templated":true}]}}