{"id":3245,"date":"2020-04-01T09:55:11","date_gmt":"2020-04-01T09:55:11","guid":{"rendered":"https:\/\/demoapus2.com\/homeo\/?post_type=property&#038;p=2480"},"modified":"2026-03-30T16:56:06","modified_gmt":"2026-03-30T16:56:06","slug":"apartmento-1","status":"publish","type":"property","link":"http:\/\/plaspla.es\/ca\/property\/apartmento-1\/","title":{"rendered":"Centro de Barcelona, Les Corts"},"content":{"rendered":"<div class=\"_178zopn\">\n<div><span class=\"ll4r2nl dir dir-ltr\">Al lado del Camp Nou F.C. Barcelona<br \/>\nApartamento remodelado de 1 habitaci\u00f3n y ba\u00f1o completo con amplia ducha.<br \/>\nCapacidad para 4 personas.<br \/>\nSal\u00f3n comedor con cocina americana y sof\u00e1 cama doble.<br \/>\nServicio de wifi gratuito.<br \/>\nSin duda un lugar estrat\u00e9gico para conocer la ciudad y tener una experiencia de unos de los barrios m\u00e1s t\u00edpicos de Barcelona.<\/span><\/div>\n<\/div>\n<div class=\"_178zopn\">\n<div>\n<div class=\"_pgfqnw\">\n<h4 style=\"text-align: left;\"><a href=\"https:\/\/www.airbnb.es\/rooms\/2623120\" target=\"_blank\" rel=\"noopener\"><img decoding=\"async\" loading=\"lazy\" class=\"alignnone wp-image-3906\" src=\"http:\/\/plaspla.es\/wp-content\/uploads\/2023\/07\/Boton-disponibilidad-300x143.png\" alt=\"\" width=\"150\" height=\"72\" srcset=\"http:\/\/plaspla.es\/wp-content\/uploads\/2023\/07\/Boton-disponibilidad-300x143.png 300w, http:\/\/plaspla.es\/wp-content\/uploads\/2023\/07\/Boton-disponibilidad-1024x489.png 1024w, http:\/\/plaspla.es\/wp-content\/uploads\/2023\/07\/Boton-disponibilidad-768x367.png 768w, http:\/\/plaspla.es\/wp-content\/uploads\/2023\/07\/Boton-disponibilidad-1536x733.png 1536w, http:\/\/plaspla.es\/wp-content\/uploads\/2023\/07\/Boton-disponibilidad-2048x978.png 2048w, http:\/\/plaspla.es\/wp-content\/uploads\/2023\/07\/Boton-disponibilidad-18x9.png 18w, http:\/\/plaspla.es\/wp-content\/uploads\/2023\/07\/Boton-disponibilidad-600x286.png 600w\" sizes=\"(max-width: 150px) 100vw, 150px\" \/><\/a><\/h4>\n<h4 class=\"hpipapi dir dir-ltr\" tabindex=\"-1\">El espacio<\/h4>\n<\/div>\n<p><span class=\"ll4r2nl dir dir-ltr\">1 Dormitorio con cama doble y ba\u00f1o.<br \/>\nCocina americana<br \/>\nSal\u00f3n comedor con sof\u00e1 cama doble.<\/span><\/p>\n<\/div>\n<\/div>\n<div class=\"_178zopn\">\n<div>\n<div class=\"_pgfqnw\">\n<h4 class=\"hpipapi dir dir-ltr\" tabindex=\"-1\">Servicios y zonas comunes<\/h4>\n<\/div>\n<p><span class=\"ll4r2nl dir dir-ltr\">El alojamiento no se comparte.<\/span><\/p>\n<\/div>\n<\/div>\n<div class=\"_178zopn\">\n<div class=\"_pgfqnw\">\n<h4 class=\"hpipapi dir dir-ltr\" tabindex=\"-1\">Otros aspectos destacables<\/h4>\n<\/div>\n<p><span class=\"ll4r2nl dir dir-ltr\">Nuestro apartamento cumple con todos los requisitos legales que se exige en Barcelona apara estancia de menos de un m\u00e9s.<br \/>\nDispone de licencia tur\u00edstica seguro y tel\u00e9fono de contacto 24h para incidencias de cualquier tipo.<br \/>\nEl apartamento no se comparte.<br \/>\nEl precio de la reserva es sin impuestos, si el hu\u00e9sped esta sujeto a iva la factura se emitir\u00e1 con el precio de la reserva + iva. El porcentaje de iva ser\u00e1 el aplicable en el territorio en cada momento.<br \/>\nSuministramos toallas y s\u00e1banas sin cargo adicional.<br \/>\nEl apartamento viene equipado con lo necesario para su estancia.<br \/>\nNo se suministra productos de limpieza ni de cocina.<\/span><\/p>\n<p>&nbsp;<\/p>\n<\/div>\n<div class=\"_178zopn\">\n<div>\n<div class=\"_pgfqnw\">\n<h4 class=\"hpipapi dir dir-ltr\" tabindex=\"-1\">N\u00famero de licencia<\/h4>\n<\/div>\n<p><span class=\"ll4r2nl dir dir-ltr\">HUTB-000357<\/span><\/p>\n<\/div>\n<\/div>\n<p>&nbsp;<\/p>\n<h2 class=\"_m5uolq\"><\/h2>\n","protected":false},"featured_media":3514,"comment_status":"closed","ping_status":"closed","template":"","property_type":[98],"property_location":[],"property_status":[],"property_label":[140],"property_amenity":[172,177,197,196,181,195,189,185,199,174,122,186,175,178,179,200,176,191,188,183,180,168,169,192,193],"property_material":[],"yoast_head":"<!-- This site is optimized with the Yoast SEO plugin v21.3 - https:\/\/yoast.com\/wordpress\/plugins\/seo\/ -->\n<title>Centro de Barcelona, Les Corts - PlasPla Vilesca Immobili\u00e0ria<\/title>\n<meta name=\"robots\" content=\"index, follow, max-snippet:-1, max-image-preview:large, max-video-preview:-1\" \/>\n<link rel=\"canonical\" href=\"http:\/\/plaspla.es\/ca\/property\/apartmento-1\/\" \/>\n<meta property=\"og:locale\" content=\"ca_ES\" \/>\n<meta property=\"og:type\" content=\"article\" \/>\n<meta property=\"og:title\" content=\"Centro de Barcelona, Les Corts - PlasPla Vilesca Immobili\u00e0ria\" \/>\n<meta property=\"og:description\" content=\"Al lado del Camp Nou F.C. Barcelona Apartamento remodelado de 1 habitaci\u00f3n y ba\u00f1o completo con amplia ducha. Capacidad para 4 personas. Sal\u00f3n comedor con cocina americana y sof\u00e1 cama doble. Servicio de wifi gratuito. Sin duda un lugar estrat\u00e9gico para conocer la ciudad y tener una experiencia de unos de los barrios m\u00e1s t\u00edpicos [&hellip;]\" \/>\n<meta property=\"og:url\" content=\"http:\/\/plaspla.es\/ca\/property\/apartmento-1\/\" \/>\n<meta property=\"og:site_name\" content=\"PlasPla Vilesca Immobili\u00e0ria\" \/>\n<meta property=\"article:modified_time\" content=\"2026-03-30T16:56:06+00:00\" \/>\n<meta property=\"og:image\" content=\"http:\/\/plaspla.es\/wp-content\/uploads\/2020\/04\/8fc84bac_original-2.jpg\" \/>\n\t<meta property=\"og:image:width\" content=\"720\" \/>\n\t<meta property=\"og:image:height\" content=\"479\" \/>\n\t<meta property=\"og:image:type\" content=\"image\/jpeg\" \/>\n<meta name=\"twitter:card\" content=\"summary_large_image\" \/>\n<meta name=\"twitter:label1\" content=\"Temps estimat de lectura\" \/>\n\t<meta name=\"twitter:data1\" content=\"2 minuts\" \/>\n<script type=\"application\/ld+json\" class=\"yoast-schema-graph\">{\"@context\":\"https:\/\/schema.org\",\"@graph\":[{\"@type\":\"WebPage\",\"@id\":\"http:\/\/plaspla.es\/property\/apartmento-1\/\",\"url\":\"http:\/\/plaspla.es\/property\/apartmento-1\/\",\"name\":\"Centro de Barcelona, Les Corts - PlasPla Vilesca Immobili\u00e0ria\",\"isPartOf\":{\"@id\":\"http:\/\/plaspla.es\/#website\"},\"datePublished\":\"2020-04-01T09:55:11+00:00\",\"dateModified\":\"2026-03-30T16:56:06+00:00\",\"breadcrumb\":{\"@id\":\"http:\/\/plaspla.es\/property\/apartmento-1\/#breadcrumb\"},\"inLanguage\":\"ca\",\"potentialAction\":[{\"@type\":\"ReadAction\",\"target\":[\"http:\/\/plaspla.es\/property\/apartmento-1\/\"]}]},{\"@type\":\"BreadcrumbList\",\"@id\":\"http:\/\/plaspla.es\/property\/apartmento-1\/#breadcrumb\",\"itemListElement\":[{\"@type\":\"ListItem\",\"position\":1,\"name\":\"Portada\",\"item\":\"http:\/\/plaspla.es\/\"},{\"@type\":\"ListItem\",\"position\":2,\"name\":\"Properties\",\"item\":\"http:\/\/plaspla.es\/property\/\"},{\"@type\":\"ListItem\",\"position\":3,\"name\":\"Centro de Barcelona, Les Corts\"}]},{\"@type\":\"WebSite\",\"@id\":\"http:\/\/plaspla.es\/#website\",\"url\":\"http:\/\/plaspla.es\/\",\"name\":\"PlasPla Vilesca Immobili\u00e0ria\",\"description\":\"Immobili\u00e0ria\",\"publisher\":{\"@id\":\"http:\/\/plaspla.es\/#organization\"},\"potentialAction\":[{\"@type\":\"SearchAction\",\"target\":{\"@type\":\"EntryPoint\",\"urlTemplate\":\"http:\/\/plaspla.es\/?s={search_term_string}\"},\"query-input\":\"required name=search_term_string\"}],\"inLanguage\":\"ca\"},{\"@type\":\"Organization\",\"@id\":\"http:\/\/plaspla.es\/#organization\",\"name\":\"PlasPla Vilesca Immobili\u00e0ria\",\"url\":\"http:\/\/plaspla.es\/\",\"logo\":{\"@type\":\"ImageObject\",\"inLanguage\":\"ca\",\"@id\":\"http:\/\/plaspla.es\/#\/schema\/logo\/image\/\",\"url\":\"http:\/\/plaspla.es\/wp-content\/uploads\/2023\/05\/plaspla-logo-2.png\",\"contentUrl\":\"http:\/\/plaspla.es\/wp-content\/uploads\/2023\/05\/plaspla-logo-2.png\",\"width\":693,\"height\":252,\"caption\":\"PlasPla Vilesca Immobili\u00e0ria\"},\"image\":{\"@id\":\"http:\/\/plaspla.es\/#\/schema\/logo\/image\/\"}}]}<\/script>\n<!-- \/ Yoast SEO plugin. -->","yoast_head_json":{"title":"Centro de Barcelona, Les Corts - PlasPla Vilesca Immobili\u00e0ria","robots":{"index":"index","follow":"follow","max-snippet":"max-snippet:-1","max-image-preview":"max-image-preview:large","max-video-preview":"max-video-preview:-1"},"canonical":"http:\/\/plaspla.es\/ca\/property\/apartmento-1\/","og_locale":"ca_ES","og_type":"article","og_title":"Centro de Barcelona, Les Corts - PlasPla Vilesca Immobili\u00e0ria","og_description":"Al lado del Camp Nou F.C. Barcelona Apartamento remodelado de 1 habitaci\u00f3n y ba\u00f1o completo con amplia ducha. Capacidad para 4 personas. Sal\u00f3n comedor con cocina americana y sof\u00e1 cama doble. Servicio de wifi gratuito. Sin duda un lugar estrat\u00e9gico para conocer la ciudad y tener una experiencia de unos de los barrios m\u00e1s t\u00edpicos [&hellip;]","og_url":"http:\/\/plaspla.es\/ca\/property\/apartmento-1\/","og_site_name":"PlasPla Vilesca Immobili\u00e0ria","article_modified_time":"2026-03-30T16:56:06+00:00","og_image":[{"width":720,"height":479,"url":"http:\/\/plaspla.es\/wp-content\/uploads\/2020\/04\/8fc84bac_original-2.jpg","type":"image\/jpeg"}],"twitter_card":"summary_large_image","twitter_misc":{"Temps estimat de lectura":"2 minuts"},"schema":{"@context":"https:\/\/schema.org","@graph":[{"@type":"WebPage","@id":"http:\/\/plaspla.es\/property\/apartmento-1\/","url":"http:\/\/plaspla.es\/property\/apartmento-1\/","name":"Centro de Barcelona, Les Corts - PlasPla Vilesca Immobili\u00e0ria","isPartOf":{"@id":"http:\/\/plaspla.es\/#website"},"datePublished":"2020-04-01T09:55:11+00:00","dateModified":"2026-03-30T16:56:06+00:00","breadcrumb":{"@id":"http:\/\/plaspla.es\/property\/apartmento-1\/#breadcrumb"},"inLanguage":"ca","potentialAction":[{"@type":"ReadAction","target":["http:\/\/plaspla.es\/property\/apartmento-1\/"]}]},{"@type":"BreadcrumbList","@id":"http:\/\/plaspla.es\/property\/apartmento-1\/#breadcrumb","itemListElement":[{"@type":"ListItem","position":1,"name":"Portada","item":"http:\/\/plaspla.es\/"},{"@type":"ListItem","position":2,"name":"Properties","item":"http:\/\/plaspla.es\/property\/"},{"@type":"ListItem","position":3,"name":"Centro de Barcelona, Les Corts"}]},{"@type":"WebSite","@id":"http:\/\/plaspla.es\/#website","url":"http:\/\/plaspla.es\/","name":"PlasPla Vilesca Immobili\u00e0ria","description":"Immobili\u00e0ria","publisher":{"@id":"http:\/\/plaspla.es\/#organization"},"potentialAction":[{"@type":"SearchAction","target":{"@type":"EntryPoint","urlTemplate":"http:\/\/plaspla.es\/?s={search_term_string}"},"query-input":"required name=search_term_string"}],"inLanguage":"ca"},{"@type":"Organization","@id":"http:\/\/plaspla.es\/#organization","name":"PlasPla Vilesca Immobili\u00e0ria","url":"http:\/\/plaspla.es\/","logo":{"@type":"ImageObject","inLanguage":"ca","@id":"http:\/\/plaspla.es\/#\/schema\/logo\/image\/","url":"http:\/\/plaspla.es\/wp-content\/uploads\/2023\/05\/plaspla-logo-2.png","contentUrl":"http:\/\/plaspla.es\/wp-content\/uploads\/2023\/05\/plaspla-logo-2.png","width":693,"height":252,"caption":"PlasPla Vilesca Immobili\u00e0ria"},"image":{"@id":"http:\/\/plaspla.es\/#\/schema\/logo\/image\/"}}]}},"_links":{"self":[{"href":"http:\/\/plaspla.es\/ca\/wp-json\/wp\/v2\/property\/3245"}],"collection":[{"href":"http:\/\/plaspla.es\/ca\/wp-json\/wp\/v2\/property"}],"about":[{"href":"http:\/\/plaspla.es\/ca\/wp-json\/wp\/v2\/types\/property"}],"replies":[{"embeddable":true,"href":"http:\/\/plaspla.es\/ca\/wp-json\/wp\/v2\/comments?post=3245"}],"wp:featuredmedia":[{"embeddable":true,"href":"http:\/\/plaspla.es\/ca\/wp-json\/wp\/v2\/media\/3514"}],"wp:attachment":[{"href":"http:\/\/plaspla.es\/ca\/wp-json\/wp\/v2\/media?parent=3245"}],"wp:term":[{"taxonomy":"property_type","embeddable":true,"href":"http:\/\/plaspla.es\/ca\/wp-json\/wp\/v2\/property_type?post=3245"},{"taxonomy":"property_location","embeddable":true,"href":"http:\/\/plaspla.es\/ca\/wp-json\/wp\/v2\/property_location?post=3245"},{"taxonomy":"property_status","embeddable":true,"href":"http:\/\/plaspla.es\/ca\/wp-json\/wp\/v2\/property_status?post=3245"},{"taxonomy":"property_label","embeddable":true,"href":"http:\/\/plaspla.es\/ca\/wp-json\/wp\/v2\/property_label?post=3245"},{"taxonomy":"property_amenity","embeddable":true,"href":"http:\/\/plaspla.es\/ca\/wp-json\/wp\/v2\/property_amenity?post=3245"},{"taxonomy":"property_material","embeddable":true,"href":"http:\/\/plaspla.es\/ca\/wp-json\/wp\/v2\/property_material?post=3245"}],"curies":[{"name":"wp","href":"https:\/\/api.w.org\/{rel}","templated":true}]}}